{"id":3542,"date":"2024-03-03T17:57:21","date_gmt":"2024-03-03T17:57:21","guid":{"rendered":"http:\/\/bbdekorandmore.at\/?post_type=product&#038;p=3542"},"modified":"2025-04-03T11:04:48","modified_gmt":"2025-04-03T11:04:48","slug":"vorratsdose-mit-deckel","status":"publish","type":"product","link":"https:\/\/bbdekorandmore.at\/hu\/produkt\/vorratsdose-mit-deckel\/","title":{"rendered":"T\u00e1rol\u00f3doboz fed\u00e9llel"},"content":{"rendered":"<p data-sourcepos=\"3:1-3:24\">Term\u00e9kle\u00edr\u00e1s:<\/p>\n<p data-sourcepos=\"5:1-5:278\">Adjon konyh\u00e1j\u00e1nak st\u00edlusos \u00e9s b\u00e1jos jelleget a Clayre &amp; Eef var\u00e1zslatos t\u00e1rol\u00f3ed\u00e9ny\u00e9vel. A kiv\u00e1l\u00f3 min\u0151s\u00e9g\u0171 \u00fcveged\u00e9ny leny\u0171g\u00f6z\u0151en r\u00e9szletes kialak\u00edt\u00e1s\u00e1val \u00e9s szeretetteljes r\u00e9szleteivel harmonikus hangulatot teremt konyh\u00e1j\u00e1ban.<\/p>\n<p data-sourcepos=\"16:1-16:23\">K\u00fcl\u00f6nleges jellemz\u0151k:<\/p>\n<ul data-sourcepos=\"18:1-24:0\">\n<li data-sourcepos=\"18:1-18:124\">St\u00edlusos diz\u00e1jn: A r\u00f3zsasz\u00edn \u00fcveggel ell\u00e1tott t\u00e9gely modern, m\u00e9gis hangulatos b\u00e1jt \u00e1raszt.<\/li>\n<li data-sourcepos=\"19:1-19:155\">Kiv\u00e1l\u00f3 min\u0151s\u00e9g\u0171 anyagok: Az \u00fcveg tart\u00f3s \u00e9s \u00e1tl\u00e1tsz\u00f3 \u00fcveget biztos\u00edt.<\/li>\n<li data-sourcepos=\"20:1-20:156\">Liebevolle Details: hochwertige Verarbeitung zeugen von der hohen Qualit\u00e4t der Produkte.<\/li>\n<li data-sourcepos=\"21:1-21:121\">Vielseitig verwendbar: Die Dose bietet Platz f\u00fcr verschiedene kleine Dinge wie z.B.: kleine Dekoeier.<\/li>\n<\/ul>\n<p data-sourcepos=\"25:1-25:25\">Lehets\u00e9ges felhaszn\u00e1l\u00e1si ter\u00fcletek:<\/p>\n<ul data-sourcepos=\"27:1-30:0\">\n<li data-sourcepos=\"28:1-28:110\">Dekor\u00e1ci\u00f3: A t\u00e1rol\u00f3 doboz polcokon vagy munkalapokon dekor\u00e1ci\u00f3s elemk\u00e9nt is haszn\u00e1lhat\u00f3.<\/li>\n<li data-sourcepos=\"29:1-30:0\">Aj\u00e1nd\u00e9k: T\u00f6k\u00e9letes aj\u00e1nd\u00e9k bar\u00e1toknak, csal\u00e1dtagoknak \u00e9s a st\u00edlusos dekor\u00e1ci\u00f3 szerelmeseinek.<\/li>\n<\/ul>\n<p data-sourcepos=\"31:1-31:13\">Megjegyz\u00e9sek:<\/p>\n<ul data-sourcepos=\"33:1-35:0\">\n<li data-sourcepos=\"33:1-33:134\">\u00c1pol\u00e1s: A tart\u00f3 nedves ruh\u00e1val tiszt\u00e1ra t\u00f6r\u00f6lhet\u0151.<\/li>\n<\/ul>","protected":false},"excerpt":{"rendered":"<p>Kiv\u00e1l\u00f3 min\u0151s\u00e9g\u0171, sokoldal\u00faan felhaszn\u00e1lhat\u00f3 \u00fcvegfedeles t\u00e1rol\u00f3 a Clayre &amp; Eef-t\u0151l.<\/p>\n<p>Tov\u00e1bbi inform\u00e1ci\u00f3k:<\/p>\n<ul data-sourcepos=\"9:1-15:0\">\n<li data-sourcepos=\"9:1-9:29\">M\u00e1rka: Clayre &amp;Eef<\/li>\n<li data-sourcepos=\"10:1-10:20\">Anyag: \u00fcveg<\/li>\n<li data-sourcepos=\"11:1-11:22\">M\u00e9ret: 8 x 17 cm<\/li>\n<li data-sourcepos=\"12:1-12:17\">Sz\u00edn: r\u00f3zsasz\u00edn<\/li>\n<li data-sourcepos=\"14:1-15:0\">A csomag tartalma: 1x t\u00e1rol\u00f3doboz<\/li>\n<\/ul>\n<p> <a class=\"continue\" href=\"https:\/\/bbdekorandmore.at\/hu\/produkt\/vorratsdose-mit-deckel\/\">Continue Reading<span> T\u00e1rol\u00f3doboz fed\u00e9llel<\/span><\/a><\/p>","protected":false},"featured_media":3421,"comment_status":"open","ping_status":"closed","template":"","meta":{"site-sidebar-layout":"default","site-content-layout":"","ast-site-content-layout":"default","site-content-style":"default","site-sidebar-style":"default","ast-global-header-display":"","ast-banner-title-visibility":"","ast-main-header-display":"","ast-hfb-above-header-display":"","ast-hfb-below-header-display":"","ast-hfb-mobile-header-display":"","site-post-title":"","ast-breadcrumbs-content":"","ast-featured-img":"","footer-sml-layout":"","ast-disable-related-posts":"","theme-transparent-header-meta":"default","adv-header-id-meta":"","stick-header-meta":"","header-above-stick-meta":"","header-main-stick-meta":"","header-below-stick-meta":"","astra-migrate-meta-layouts":"set","ast-page-background-enabled":"default","ast-page-background-meta":{"desktop":{"background-color":"var(--ast-global-color-4)","background-image":"","background-repeat":"repeat","background-position":"center center","background-size":"auto","background-attachment":"scroll","background-type":"","background-media":"","overlay-type":"","overlay-color":"","overlay-opacity":"","overlay-gradient":""},"tablet":{"background-color":"","background-image":"","background-repeat":"repeat","background-position":"center center","background-size":"auto","background-attachment":"scroll","background-type":"","background-media":"","overlay-type":"","overlay-color":"","overlay-opacity":"","overlay-gradient":""},"mobile":{"background-color":"","background-image":"","background-repeat":"repeat","background-position":"center center","background-size":"auto","background-attachment":"scroll","background-type":"","background-media":"","overlay-type":"","overlay-color":"","overlay-opacity":"","overlay-gradient":""}},"ast-content-background-meta":{"desktop":{"background-color":"var(--ast-global-color-5)","background-image":"","background-repeat":"repeat","background-position":"center center","background-size":"auto","background-attachment":"scroll","background-type":"","background-media":"","overlay-type":"","overlay-color":"","overlay-opacity":"","overlay-gradient":""},"tablet":{"background-color":"var(--ast-global-color-5)","background-image":"","background-repeat":"repeat","background-position":"center center","background-size":"auto","background-attachment":"scroll","background-type":"","background-media":"","overlay-type":"","overlay-color":"","overlay-opacity":"","overlay-gradient":""},"mobile":{"background-color":"var(--ast-global-color-5)","background-image":"","background-repeat":"repeat","background-position":"center center","background-size":"auto","background-attachment":"scroll","background-type":"","background-media":"","overlay-type":"","overlay-color":"","overlay-opacity":"","overlay-gradient":""}}},"product_brand":[],"product_cat":[23,472],"product_tag":[630,538,569,542,631,627,625,126,629],"class_list":{"0":"post-3542","1":"product","2":"type-product","3":"status-publish","4":"has-post-thumbnail","6":"product_cat-ostern","7":"product_cat-accessories","8":"product_tag-aufbewahrung","9":"product_tag-clayre-eef","10":"product_tag-dekoration","11":"product_tag-geschenk","12":"product_tag-glas","13":"product_tag-kuche","14":"product_tag-ordnung","15":"product_tag-rosa","16":"product_tag-vorratsdose","17":"tm-no-options","18":"desktop-align-left","19":"tablet-align-left","20":"mobile-align-left","22":"first","23":"outofstock","24":"shipping-taxable","25":"purchasable","26":"product-type-simple"},"_links":{"self":[{"href":"https:\/\/bbdekorandmore.at\/hu\/wp-json\/wp\/v2\/product\/3542","targetHints":{"allow":["GET"]}}],"collection":[{"href":"https:\/\/bbdekorandmore.at\/hu\/wp-json\/wp\/v2\/product"}],"about":[{"href":"https:\/\/bbdekorandmore.at\/hu\/wp-json\/wp\/v2\/types\/product"}],"replies":[{"embeddable":true,"href":"https:\/\/bbdekorandmore.at\/hu\/wp-json\/wp\/v2\/comments?post=3542"}],"wp:featuredmedia":[{"embeddable":true,"href":"https:\/\/bbdekorandmore.at\/hu\/wp-json\/wp\/v2\/media\/3421"}],"wp:attachment":[{"href":"https:\/\/bbdekorandmore.at\/hu\/wp-json\/wp\/v2\/media?parent=3542"}],"wp:term":[{"taxonomy":"product_brand","embeddable":true,"href":"https:\/\/bbdekorandmore.at\/hu\/wp-json\/wp\/v2\/product_brand?post=3542"},{"taxonomy":"product_cat","embeddable":true,"href":"https:\/\/bbdekorandmore.at\/hu\/wp-json\/wp\/v2\/product_cat?post=3542"},{"taxonomy":"product_tag","embeddable":true,"href":"https:\/\/bbdekorandmore.at\/hu\/wp-json\/wp\/v2\/product_tag?post=3542"}],"curies":[{"name":"wp","href":"https:\/\/api.w.org\/{rel}","templated":true}]}}